{"id":47,"date":"2018-07-02T10:01:29","date_gmt":"2018-07-02T08:01:29","guid":{"rendered":"http:\/\/thomas-matys.de\/?page_id=47"},"modified":"2025-12-10T20:51:02","modified_gmt":"2025-12-10T19:51:02","slug":"sonstige-aktivitaeten","status":"publish","type":"page","link":"http:\/\/thomas-matys.de\/home\/sonstige-aktivitaeten\/","title":{"rendered":"Sonstige Aktivit\u00e4ten"},"content":{"rendered":"<p><em><strong>Teilnahme an Tagungen und Konferenzen<\/strong><\/em><\/p>\n<p><em>2025<br \/>\n<\/em>Tagung &#8222;Digitale W\/enden. Dis\/kontinuiti\u00e4ten digitaler Kultur&#8220;. Jahrestagung des FSP digitale_kultur der FernUniversit\u00e4t in Hagen\/Abteilung Digitale Kultur des Dortmunder U, FernUniversit\u00e4t in Hagen, Hagen, 28. November 2025<\/p>\n<p><em>2025<\/em><br \/>\n42. Kongress der Deutschen Gesellschaft f\u00fcr Soziologie \u201eTransitionen\u201c, Universit\u00e4t Duisburg-Essen, Campus Duisburg, 22. &#8211; 26. September 2025.<\/p>\n<p><em>2025<\/em><br \/>\n5. Hagener Soziologietage, FernUniversit\u00e4t in Hagen , Hagen, 06. &#8211; 07. September 2015.<\/p>\n<p><em>2024<br \/>\n<\/em>Tagung &#8222;Zur Zukunft der Wirtschaftssoziologie. Paradigmen, Herausforderungen, Perspektiven&#8220; der DGS-Sektion Wirtschaftssoziologie, Hamburger Institut f\u00fcr Sozialforschung, Hamburg, 13. &#8211; 15. November 2024<\/p>\n<p><em>2024<br \/>\n<\/em>Tagung &#8222;Digital(isiert)e Wirtschaft&#8220;, ausgerichtet durch den Lehrstuhl f\u00fcr Wirtschaftssoziologie der Universit\u00e4t Trier, Trier, 16. &#8211; 18. Oktober 2024<\/p>\n<p><em>2024<br \/>\n<\/em>Sektionskonferenz der Deutschen Gesellschaft f\u00fcr Soziologie &#8222;Klassen, Klassifikationen, Klassifizierungen&#8220;, Universit\u00e4t Osnabr\u00fcck, Osnabr\u00fcck,\u00a0 \u00a0 23. &#8211; 25. September 2024<\/p>\n<p><em>2024<br \/>\n<\/em>Konferenz &#8222;Work. Transform? Repeat!&#8220;, DFG-Schwerpunktprogramm 2267 &#8222;Digitalisierung der Arbeitswelten&#8220;, Harnack-Haus, Berlin, 11 &#8211; 13. M\u00e4rz\u00a0 2024.<\/p>\n<p><em>2024<br \/>\n<\/em>Changetagung 9 &#8222;Macht-Beziehungen in Organisationen&#8220;, Fachhochschule Nordwestschweiz\/Hochschule f\u00fcr soziale Arbeit Basel, Basel (CH), 25. &#8211; 26. Januar 2024.<\/p>\n<p><em>2023<\/em><br \/>\n&#8222;Berliner Symposium. Transformation gestalten: Digitalter Wandel, Fachkr\u00e4ftegewinnung und Neues Lernen&#8220; (Vorstellung des Forschungsschwerpunktes &#8222;Arbeit &#8211; Bildung &#8211; Digitalisierung&#8220; der FernUniversit\u00e4t in Hagen), Vertretung des Landes Nordrhein-Westfalen beim Bund, Berlin, 07.12.2023.<\/p>\n<p><em>2023<\/em><br \/>\n&#8222;Soziologische Theorie und Organisationssoziologie &#8211; gemeinsam unter Druck?&#8220;, gemeinsame Tagung der Sektionen &#8222;Organisationssoziologie&#8220; und &#8222;Soziologische Theorie&#8220;, Universit\u00e4t Duisburg-Essen, Duisburg, 26. &#8211; 27. Oktober 2023.<\/p>\n<p><em>2023<\/em><br \/>\nSommerkonferenz der DGS-Sektion Wirtschaftssoziologie &#8222;Krisenwirtschaft, Kriegswirtschaft: Wirtschaftssoziologie in Zeiten des Umbruchs&#8220;. Max-Planck-Institut f\u00fcr Gesellschaftsforschung. K\u00f6ln, 15. &#8211; 16. Juni 2023.<\/p>\n<p><em>2023<\/em><br \/>\nKonferenz &#8222;Digitalisierung, Arbeit und Gesellschaft in der postpandemischen Konstellation&#8220;, Wissenschaftszentrum Berlin f\u00fcr Sozialforschung, Berlin, 11. &#8211; 12. Mai 2023.<\/p>\n<p><em>2022<\/em><br \/>\n41. Kongress der Deutschen Gesellschaft f\u00fcr Soziologie \u201ePolarisierte Welten\u201c, Universit\u00e4t Bielefeld, Bielefeld, 26. &#8211; 30. September 2022.<\/p>\n<p><em>2021<\/em><br \/>\n\u201eDie \u00d6konomisierung des Sozialen\u201c. Vergesellschaftungsdynamiken in der Familie. Veranstalter: Netzwerk Qualitative Familienforschung. Organisation: Lehrgebiet Ernsting\u2019s family-Stiftungsprofessur f\u00fcr Mikrosoziologie, FernUniversit\u00e4t in Hagen, Hagen, 12. &#8211; 13. November 2021 (online).<\/p>\n<p><em>2021<\/em><br \/>\n4. Hagener Soziologietage, FernUniversit\u00e4t in Hagen, Hagen, 29. &#8211; 30. Oktober 2021 (online).<\/p>\n<p><em>2021<\/em><br \/>\n(4.) Workshop \u201eOrganisation trifft Digitale Kulturen. Synergien sozial- und<br \/>\nkulturwissenschaftlicher Perspektiven\u201c, Veranstalter: Arbeitskreis \u201eOrganisation und Digitalisierung\u201c in der Sektion Organisationssoziologie der DGS an der Leuphana Universit\u00e4t L\u00fcneburg, L\u00fcneburg, 30.09.\/01.10.2021.<\/p>\n<p><em>2020<\/em><br \/>\nVirtueller Workshop \u201eOrganisierte Personenbewertung\u201c des Arbeitskreises \u201eOrganisation und Bewertung\u201c in der Sektion Organisationssoziologie der Deutschen Gesellschaft f\u00fcr Soziologie, 26. &#8211; 27. November 2020 (online).<\/p>\n<p><em>2020<\/em><br \/>\n40. Kongress der Deutschen Gesellschaft f\u00fcr Soziologie (DGS) \u201eGesellschaft unter Spannung\u201c, 14. &#8211; 24. September 2020 (online).<\/p>\n<p><em>2019<\/em><br \/>\n(Auftakt-) Tagung \u201eOrganisationstypen und Bewertung\u201c des Arbeitskreises Organisation und Bewertung in der DGS-Sektion Organisationssoziologie, Universit\u00e4t Bremen, Bremen, 21. &#8211; 22. November 2019.<\/p>\n<p><em>2019<\/em><br \/>\n3. Hagener Soziologietage, FernUniversit\u00e4t in Hagen, Hagen, 23. &#8211; 25. Mai 2019.<\/p>\n<p><em>2019<\/em><br \/>\nTagung \u201eRatings und Organisation im Finanzmarktkapitalismus.\u00a0 Genese \u2013 Praktiken \u2013 Felder\u201c, FernUniversit\u00e4t in Hagen, Hagen, 21. &#8211; 22. M\u00e4rz 2019.<\/p>\n<p><em>2019<\/em><br \/>\nTagung \u201edigitale_kultur. Weltverh\u00e4ltnisse im Wandel\u201c, Fakult\u00e4t f\u00fcr Kultur- und Sozialwissenschaften, FernUniversit\u00e4t in Hagen, Hagen, 18. &#8211; 19. Februar 2019.<\/p>\n<p><em>2019<\/em><br \/>\nTagung \u201eFigurationen von Unsicherheit\u201c, Fakult\u00e4t f\u00fcr Kultur- und Sozialwissenschaften, FernUniversit\u00e4t in Hagen, Hagen 10. &#8211; 11. Januar 2019.<\/p>\n<p><em>2018<\/em><br \/>\n39. Kongress der Deutschen Gesellschaft f\u00fcr Soziologie \u201eKomplexe Dynamiken globaler und lokaler Entwicklungen\u201c, Georg-August-Universit\u00e4t G\u00f6ttingen, G\u00f6ttingen, 24. &#8211; 28. September 2018.<\/p>\n<p><em>2017<\/em><br \/>\nTagung \u201eEntgrenzung von Markt und Staat? Wirtschaftssoziologische Untersuchungen zur Krise der Ordnungsbildung\u201c der DGS-Sektion Wirtschaftssoziologie \u00a0in Kooperation mit dem Centrum f\u00fcr Globalisierung und Governance, Universit\u00e4t Hamburg, Hamburg, 26. &#8211; 27. Oktober 2017.<\/p>\n<p><em>2017<\/em><br \/>\n2. Hagener Soziologietage, FernUniversit\u00e4t in Hagen (dort Leitung des Workshops: \u201eVon der Idee zum Text \u2013 Wie ein Expos\u00e9 dabei helfen kann\u201c), Hagen, 05. &#8211; 07. Oktober 2017.<\/p>\n<p><em>2017<\/em><br \/>\nSummer School \u201eFinanzsystem und Gesellschaft\u201c, Oswald von Nell-Breuning-Institut f\u00fcr Wirtschafts- und Gesellschaftsethik, Philosophisch-Theologische Hochschule Sankt Georgen, Frankfurt am Main. 25. &#8211; 28. September 2017.<\/p>\n<p><em>2017<\/em><br \/>\n(Gemeinsame) Tagung \u00a0\u201eDas ungenutzte Potential des Neo-Institutionalismus\u201c der Sektionen Organisationssoziologie der DGS und dem DFG-Netzwerk \u201eDas ungenutzte Potential des Neo-Institutionalismus\u201c am Centre for Globalisation and Governance (CGG) der Fakult\u00e4t f\u00fcr Wirtschafts- und Sozialwissenschaften der Universit\u00e4t Hamburg, Hamburg, 20. &#8211; 21. April 2017.<\/p>\n<p><em>2016<\/em><br \/>\nFestakt \u201eMaking Utopia possible\u201c anl\u00e4sslich \u201e25 Jahre Wuppertal Institut\u201c, Historische Stadthalle Wuppertal, Wuppertal, 08. September 2016.<\/p>\n<p><em>2015<\/em><br \/>\n1. Hagener Soziologietage, FernUniversit\u00e4t in Hagen , Hagen, 15. &#8211; 17. Oktober 2015.<\/p>\n<p><em>2015<\/em><br \/>\nTagung \u201eNonprofitorganisationen \u2013 Entgrenzt in die Zukunft?\u201c der DGS-Sektion Organisationssoziologie, Technische Universit\u00e4t Dortmund, Dortmund, 07. &#8211; 08. Mai 2015.<\/p>\n<p><em>2013<\/em><br \/>\nGr\u00fcndungsfeier des Zentrums f\u00fcr Transformationsforschung und Nachhaltigkeit TransZent Wuppertal (Kooperation der Bergischen Universit\u00e4t Wuppertal und des Wuppertal Instituts), Bergische Universit\u00e4t Wuppertal, Wuppertal, 14. Oktober 2013.<\/p>\n<p><em>2013<\/em><br \/>\n(Gemeinsame) Tagung \u201eSoziologie der Finanzm\u00e4rkte\u201c der DGS-Sektionen Wirtschaftssoziologie und Organisationssoziologie, Universit\u00e4t Hamburg, Hamburg, 21. &#8211; 22. M\u00e4rz 2013.<\/p>\n<p><em>2012<\/em><br \/>\n36. Kongress der Deutschen Gesellschaft f\u00fcr Soziologie \u201eVielfalt und Zusammenhalt\u201c, Ruhr-Universit\u00e4t Bochum und Technische Universit\u00e4t Dortmund, Bochum und Dortmund, 1. &#8211; 5. Oktober 2012.<\/p>\n<p><em>2012<\/em><br \/>\nTagung \u201eAuf dem Papier und zwischen den Zeilen \u2013 Formalit\u00e4t und Informalit\u00e4t in Organisationen\u201c der DGS-Sektion Organisationssoziologie, FernUniversit\u00e4t in Hagen, Hagen, 04. &#8211; 05. Mai 2012.<\/p>\n<p><em>2012<\/em><br \/>\nTagung \u201eHabermas und der Historische Materialismus\u201c, Bergische Universit\u00e4t Wuppertal, Wuppertal, 23. &#8211; 25. M\u00e4rz 2012.<\/p>\n<p><em>2012<\/em><br \/>\nWorkshop \u201eArbeiterbewegung \u2013 Nation \u2013 Globalisierung\u201c der Hans-B\u00f6ckler-Stiftung, Bergische Universit\u00e4t Wuppertal, Wuppertal 15. Februar 2012.<\/p>\n<p><em>2011<\/em><br \/>\nTagung \u201eOrganisationen im Chaos?\u201c der Arbeitsgemeinschaft Organisationssoziologie, Universit\u00e4t Potsdam, Potsdam, 14. &#8211; 15. Oktober 2011.<\/p>\n<p><em>2011<\/em><br \/>\n1. Internationale Transformationskonferenz \u201eTransformation im Kapitalismus und dar\u00fcber hinaus\u201c der Rosa-Luxemburg-Stiftung, Berlin, 13. Oktober 2011.<\/p>\n<p><em>2011<\/em><br \/>\nFachtagung \u201eWaldp\u00e4dagogik Rheinelbe\u201c, Gelsenkirchen, 10. Oktober 2011.<\/p>\n<p><em>2011<\/em><br \/>\nKongress \u201eFaktor W \u2013 Wandel als Herausforderung\u201c anl\u00e4sslich des 20. Geburtstages des Wuppertal Instituts, Historische Stadthalle Wuppertal, Wuppertal, 30. September 2011.<\/p>\n<p><em>2011<\/em><br \/>\nWorkshop \u201eFreelancer im Spannungsfeld von Flexibilisierung und Stabilisierung\u201c [\u201eFlinK\u201c] im Rahmen des \u201efreelancer day\u201c am Institut f\u00fcr Psychologie, Lehrgebiet Psychologie des Erwachsenenalters an der FernUniversit\u00e4t in Hagen, Hagen,13. Mai 2011.<\/p>\n<p><em>2010<\/em><br \/>\n35. Kongress der Deutschen Gesellschaft f\u00fcr Soziologie \u201eTransnationale Vergesellschaftungen\u201c, Johann Wolfgang von Goethe-Universit\u00e4t Frankfurt am Main, Frankfurt am Main, 11. &#8211; 15. Oktober 2010.<\/p>\n<p><em>2010<\/em><br \/>\n(Gemeinsame) Tagung \u201eVerrechtlichung und Politisierung\u201c der DGS-Sektionen Politische Soziologie und Rechtssoziologie, Bergische Universit\u00e4t Wuppertal, Wuppertal, 04. &#8211; 05. Februar 2010.<\/p>\n<p><em>2008<\/em><br \/>\n34. Kongress der Deutschen Gesellschaft f\u00fcr Soziologie \u201eUnsichere Zeiten\u201c, Friedrich-Schiller-Universit\u00e4t Jena, Jena, 06. &#8211; 10. Oktober 2008.<\/p>\n<p><em>2008<\/em><br \/>\nInstitutstag 2008, Max-Planck-Instituts f\u00fcr Gesellschaftsforschung K\u00f6ln, K\u00f6ln, 02. Oktober 2008.<\/p>\n<p><em>2008<\/em><br \/>\n(Gemeinsame) Tagung \u201eSinnstiftung als Beruf\u201c der DGS-Sektionen Religionssoziologie und Professionssoziologie, FernUniversit\u00e4t in Hagen, Hagen, 13. &#8211; 14. Juni 2008.<\/p>\n<p><em>2007<\/em><br \/>\n\u201eDie Organisation der \u00d6konomie \u2013 Die \u00d6konomie der Organisation\u201c. Abschiedskolloquium f\u00fcr Prof. Dr. Klaus T\u00fcrk, Bergische Universit\u00e4t Wuppertal, Wuppertal, 9. &#8211; 10. November 2007.<\/p>\n<p><em>2007<\/em><br \/>\nTagung \u201eDie Gesellschaft der Unternehmen \u2013 Die Unternehmen der Gesellschaft\u201c der DGS-Sektion \u201eSoziologische Theorien\u201c, FernUniversit\u00e4t in Hagen, Hagen, 4. &#8211; 6. Oktober 2007.<\/p>\n<p><em>2007<\/em><br \/>\nTagung \u201ePromovieren im Fachbereich G\u201c des Fachbereichs Bildungswissenschaften der Bergischen Universit\u00e4t Wuppertal, Bergische Universit\u00e4t Wuppertal, Wuppertal, \u00a002. Februar 2007.<\/p>\n<p><em>2006<\/em><br \/>\n11. Hagener Kolloquium zur Wirtschaftsphilosophie \u201eSinn von Arbeit\u201c, FernUniversit\u00e4t in Hagen, 11. November 2006.<\/p>\n<p><em>2006<\/em><br \/>\n35. Kongress der Deutschen Gesellschaft f\u00fcr Soziologie \u201eDie Natur der Gesellschaft\u201c, Universit\u00e4t Kassel, Kassel, 09. &#8211; 13. Oktober 2006.<\/p>\n<p><em>2005<\/em><br \/>\nWorkshop \u201eNeo-Institutionalismus\u201c am Institut f\u00fcr Soziologie der Technischen Universit\u00e4t Darmstadt, Darmstadt, 06. &#8211; 07. Mai 2005.<\/p>\n<p><em>2005<\/em><br \/>\nFr\u00fchjahrstreffen des Doktoranden-Netzwerkes Nachhaltiges Wirtschaften (DNW) e.V. Ruhr-Universit\u00e4t Bochum, Bochum, 20. -22. Mai 2005.<\/p>\n<p><em>2004<\/em><br \/>\n32. Kongress der Deutschen Gesellschaft f\u00fcr Soziologie \u201eSoziale Ungleichheit, kulturelle Unterschiede\u201c, Ludwig-Maximilians-Universit\u00e4t M\u00fcnchen, M\u00fcnchen, 04. &#8211; 08. Oktober 2004.<\/p>\n<p><em>2004<\/em><br \/>\nDeutsch-koreanische Kommunaltagung, organisiert von der rechtswissenschaftlichen Professur f\u00fcr \u00f6ffentliches Recht an der Bergischen Universit\u00e4t Wuppertal, Prof. Dr. Dr. Bernhard Losch, Solingen, 15. &#8211; 19. August 2004.<\/p>\n<p><em>2004<\/em><br \/>\nKonferenz \u201eDie Befreiung der Politik zu langfristigem Denken\u201c der Forschungsstelle f\u00fcr B\u00fcrgerbeteiligung &amp; Planungsverfahren der Bergischen Universit\u00e4t Wuppertal (Leitung: Prof. Dr. Peter C. Dienel und Prof. Dr. Hans Joachim Lietzmann), Berlin, 26. &#8211; 27. Mai 2004.<\/p>\n<p><em>2003<\/em><br \/>\nTagung \u201eNachhaltigkeit neu denken \u2013 die Beziehungen zwischen Natur und Gesellschaft im Umbruch\u201c des Instituts f\u00fcr sozial-\u00f6kologische Forschung, Johann Wolfgang von Goethe-Universit\u00e4t Frankfurt am Main, Frankfurt am Main, 03. April 2003.<\/p>\n<p><em>2002<\/em><br \/>\nTagung \u201eGute Ideen allein reichen nicht \u2013 Marketing in der Umweltkommunikation\u201c im Zentrum f\u00fcr Umweltkommunikation (ZUK), Osnabr\u00fcck, 13. November 2002.<\/p>\n<p><em>2001<\/em><br \/>\n13. Darmst\u00e4dter Gespr\u00e4che \u201eDie Gesellschaft im 21. Jahrhundert\u201c, Technische Universit\u00e4t Darmstadt, Darmstadt, 31.03. &#8211; 02. April 2001.<\/p>\n<p><em>1998<\/em><br \/>\nTagung \u201eZum 180. Geburtstag von Karl Marx \u2013 150 Jahre Kommunistisches Manifest\u201c, Bergische Universit\u00e4t Wuppertal, Wuppertal, 9. &#8211; 10. Mai 1998.<\/p>\n<p><em><strong>Organisation von Tagungen und Konferenzen<\/strong><\/em><\/p>\n<p><em>2024<\/em><\/p>\n<p>Online-Workshop &#8222;F\u00f6rderm\u00f6glichkeiten im Rahmen der Zusammenarbeit zwischen KMUs und der FernUniversit\u00e4t in Hagen&#8220; im Rahmen des Projekts &#8222;Datenkulturen im Personalmanagement von KMUs in NRW&#8220; am 10.10.24<\/p>\n<p><em>2024<\/em><\/p>\n<p>Workshop &#8222;Daten im Personalmanagement&#8220; im Rahmen des Projekts &#8222;Datenkulturen im Personalmanagement von KMUs in NRW&#8220; am 05.02.24 an der FernUniversit\u00e4t in Hagen<\/p>\n<p><em>2019<\/em><br \/>\nTagung \u201eRatings und Organisation im Finanzmarktkapitalismus.\u00a0 Genese \u2013 Praktiken \u2013 Felder\u201c am 21.\/22. M\u00e4rz 2019 an der FernUniversit\u00e4t in Hagen <strong>\u00a0 <\/strong><em><a href=\"http:\/\/thomas-matys.de\/wp-content\/uploads\/2019\/02\/Flyer-Matys-Netz.pdf\"><span style=\"color: #0000ff;\">Flyer hier<\/span><\/a><\/em> <a href=\"https:\/\/soziopolis.de\/vernetzen\/veranstaltungsberichte\/artikel\/zwischen-kalkulation-und-gespuer\/\"><span style=\"color: #0000ff;\">Tagungsbericht hier<\/span><\/a><\/p>\n<p><em>2007<\/em><br \/>\n\u201eDie Organisation der \u00d6konomie \u2013 Die \u00d6konomie der Organisation\u201c. Abschiedskolloquium f\u00fcr Prof. Dr. Klaus T\u00fcrk, Bergische Universit\u00e4t Wuppertal, Wuppertal, 9. &#8211; 10. November 2007.<\/p>\n<p><em>2004<\/em><br \/>\nDeutsch-koreanische Kommunaltagung, organisiert von der rechtswissenschaftlichen Professur f\u00fcr \u00f6ffentliches Recht an der Bergischen Universit\u00e4t Wuppertal, Prof. Dr. Dr. Bernhard Losch, Solingen, 15. &#8211; 19. August 2004.<\/p>\n<p><em>2004<\/em><br \/>\nKonferenz \u201eDie Befreiung der Politik zu langfristigem Denken\u201c der Forschungsstelle f\u00fcr B\u00fcrgerbeteiligung &amp; Planungsverfahren der Bergischen Universit\u00e4t Wuppertal (Leitung: Prof. Dr. Peter C. Dienel und Prof. Dr. Hans Joachim Lietzmann), Berlin, 26. &#8211; 27. Mai 2004.<\/p>\n","protected":false},"excerpt":{"rendered":"<p>Teilnahme an Tagungen und Konferenzen 2025 Tagung &#8222;Digitale W\/enden. Dis\/kontinuiti\u00e4ten digitaler Kultur&#8220;. Jahrestagung des FSP digitale_kultur der FernUniversit\u00e4t in Hagen\/Abteilung Digitale Kultur des Dortmunder U, FernUniversit\u00e4t in Hagen, Hagen, 28. November 2025 2025 42. Kongress der Deutschen Gesellschaft f\u00fcr Soziologie \u201eTransitionen\u201c, Universit\u00e4t Duisburg-Essen, Campus Duisburg, 22. &#8211; 26. September 2025. 2025 5. Hagener Soziologietage, FernUniversit\u00e4t &hellip; <\/p>\n<p class=\"link-more\"><a href=\"http:\/\/thomas-matys.de\/home\/sonstige-aktivitaeten\/\" class=\"more-link\"><span class=\"screen-reader-text\">\u201eSonstige Aktivit\u00e4ten\u201c<\/span> weiterlesen<\/a><\/p>\n","protected":false},"author":1,"featured_media":0,"parent":0,"menu_order":0,"comment_status":"closed","ping_status":"closed","template":"","meta":{"footnotes":""},"class_list":["post-47","page","type-page","status-publish","hentry"],"_links":{"self":[{"href":"http:\/\/thomas-matys.de\/home\/wp-json\/wp\/v2\/pages\/47","targetHints":{"allow":["GET"]}}],"collection":[{"href":"http:\/\/thomas-matys.de\/home\/wp-json\/wp\/v2\/pages"}],"about":[{"href":"http:\/\/thomas-matys.de\/home\/wp-json\/wp\/v2\/types\/page"}],"author":[{"embeddable":true,"href":"http:\/\/thomas-matys.de\/home\/wp-json\/wp\/v2\/users\/1"}],"replies":[{"embeddable":true,"href":"http:\/\/thomas-matys.de\/home\/wp-json\/wp\/v2\/comments?post=47"}],"version-history":[{"count":40,"href":"http:\/\/thomas-matys.de\/home\/wp-json\/wp\/v2\/pages\/47\/revisions"}],"predecessor-version":[{"id":545,"href":"http:\/\/thomas-matys.de\/home\/wp-json\/wp\/v2\/pages\/47\/revisions\/545"}],"wp:attachment":[{"href":"http:\/\/thomas-matys.de\/home\/wp-json\/wp\/v2\/media?parent=47"}],"curies":[{"name":"wp","href":"https:\/\/api.w.org\/{rel}","templated":true}]}}